{"id":422,"date":"2022-07-30T15:46:32","date_gmt":"2022-07-30T13:46:32","guid":{"rendered":"https:\/\/academie-villefranche.fr\/?page_id=422"},"modified":"2022-09-23T18:06:04","modified_gmt":"2022-09-23T16:06:04","slug":"histoire-de-lacademie-de-villefranche-et-du-beaujolais","status":"publish","type":"page","link":"https:\/\/academie-villefranche.fr\/?page_id=422","title":{"rendered":"Histoire de l&rsquo;Acad\u00e9mie de Villefranche et du Beaujolais"},"content":{"rendered":"\t\t<div data-elementor-type=\"wp-page\" data-elementor-id=\"422\" class=\"elementor elementor-422\" data-elementor-post-type=\"page\">\n\t\t\t\t\t\t<section class=\"elementor-section elementor-top-section elementor-element elementor-element-e9e6d76 elementor-section-boxed elementor-section-height-default elementor-section-height-default\" data-id=\"e9e6d76\" data-element_type=\"section\" data-e-type=\"section\">\n\t\t\t\t\t\t<div class=\"elementor-container elementor-column-gap-default\">\n\t\t\t\t\t<div class=\"elementor-column elementor-col-100 elementor-top-column elementor-element elementor-element-a5e345a\" data-id=\"a5e345a\" data-element_type=\"column\" data-e-type=\"column\">\n\t\t\t<div class=\"elementor-widget-wrap\">\n\t\t\t\t\t\t\t<\/div>\n\t\t<\/div>\n\t\t\t\t\t<\/div>\n\t\t<\/section>\n\t\t\t\t<section class=\"elementor-section elementor-top-section elementor-element elementor-element-29e376a9 elementor-section-boxed elementor-section-height-default elementor-section-height-default\" data-id=\"29e376a9\" data-element_type=\"section\" data-e-type=\"section\" data-settings=\"{&quot;background_background&quot;:&quot;classic&quot;}\">\n\t\t\t\t\t\t<div class=\"elementor-container elementor-column-gap-default\">\n\t\t\t\t\t<div class=\"elementor-column elementor-col-100 elementor-top-column elementor-element elementor-element-1486a52e\" data-id=\"1486a52e\" data-element_type=\"column\" data-e-type=\"column\">\n\t\t\t<div class=\"elementor-widget-wrap elementor-element-populated\">\n\t\t\t\t\t\t<div class=\"elementor-element elementor-element-5b057d0 elementor-widget elementor-widget-spacer\" data-id=\"5b057d0\" data-element_type=\"widget\" data-e-type=\"widget\" data-widget_type=\"spacer.default\">\n\t\t\t\t<div class=\"elementor-widget-container\">\n\t\t\t\t\t\t\t<div class=\"elementor-spacer\">\n\t\t\t<div class=\"elementor-spacer-inner\"><\/div>\n\t\t<\/div>\n\t\t\t\t\t\t<\/div>\n\t\t\t\t<\/div>\n\t\t\t\t<div class=\"elementor-element elementor-element-02fb528 elementor-widget elementor-widget-heading\" data-id=\"02fb528\" data-element_type=\"widget\" data-e-type=\"widget\" data-widget_type=\"heading.default\">\n\t\t\t\t<div class=\"elementor-widget-container\">\n\t\t\t\t\t<h2 class=\"elementor-heading-title elementor-size-default\">Histoire de l'Acad\u00e9mie de Villefranche et du Beaujolais <\/h2>\t\t\t\t<\/div>\n\t\t\t\t<\/div>\n\t\t\t\t<div class=\"elementor-element elementor-element-86431c2 elementor-widget elementor-widget-spacer\" data-id=\"86431c2\" data-element_type=\"widget\" data-e-type=\"widget\" data-widget_type=\"spacer.default\">\n\t\t\t\t<div class=\"elementor-widget-container\">\n\t\t\t\t\t\t\t<div class=\"elementor-spacer\">\n\t\t\t<div class=\"elementor-spacer-inner\"><\/div>\n\t\t<\/div>\n\t\t\t\t\t\t<\/div>\n\t\t\t\t<\/div>\n\t\t\t\t\t<\/div>\n\t\t<\/div>\n\t\t\t\t\t<\/div>\n\t\t<\/section>\n\t\t\t\t<section class=\"elementor-section elementor-top-section elementor-element elementor-element-6d21561a elementor-section-boxed elementor-section-height-default elementor-section-height-default\" data-id=\"6d21561a\" data-element_type=\"section\" data-e-type=\"section\">\n\t\t\t\t\t\t<div class=\"elementor-container elementor-column-gap-default\">\n\t\t\t\t\t<div class=\"elementor-column elementor-col-50 elementor-top-column elementor-element elementor-element-17955816\" data-id=\"17955816\" data-element_type=\"column\" data-e-type=\"column\">\n\t\t\t<div class=\"elementor-widget-wrap elementor-element-populated\">\n\t\t\t\t\t\t<div class=\"elementor-element elementor-element-97be68c elementor-widget elementor-widget-spacer\" data-id=\"97be68c\" data-element_type=\"widget\" data-e-type=\"widget\" data-widget_type=\"spacer.default\">\n\t\t\t\t<div class=\"elementor-widget-container\">\n\t\t\t\t\t\t\t<div class=\"elementor-spacer\">\n\t\t\t<div class=\"elementor-spacer-inner\"><\/div>\n\t\t<\/div>\n\t\t\t\t\t\t<\/div>\n\t\t\t\t<\/div>\n\t\t\t\t<div class=\"elementor-element elementor-element-4f20f1c elementor-widget elementor-widget-text-editor\" data-id=\"4f20f1c\" data-element_type=\"widget\" data-e-type=\"widget\" data-widget_type=\"text-editor.default\">\n\t\t\t\t<div class=\"elementor-widget-container\">\n\t\t\t\t\t\t\t\t\t<p>L\u2019Acad\u00e9mie de Villefranche et du Beaujolais a connu trois grandes p\u00e9riodes dans son histoire.<\/p><h3>PREMI\u00c8RE P\u00c9RIODE<\/h3><ul><li>La gen\u00e8se (1677-1695) :<br \/>C\u2019est vers 1677 qu\u2019Alexandre Bessie du Peloux, avocat et jurisconsulte \u00e0 Villefranche , constitua un groupe d\u2019amis et organisa r\u00e9guli\u00e8rement des r\u00e9unions chez lui afin d\u2019\u00e9changer sur les arts et la litt\u00e9rature. C\u2019est le 25 ao\u00fbt 1680, jour de la Saint Louis, que se tint la premi\u00e8re r\u00e9union officielle constituant l\u2019Acad\u00e9mie de Villefranche.<\/li><li>L\u2019Acad\u00e9mie Royale (1695-1793)\u00a0:<br \/>Apr\u00e8s la mort de Mademoiselle de Montpensier, Dame du Beaujolais, le duc Philippe Orl\u00e9ans, fr\u00e8re de Louis XIV et h\u00e9ritier par testament de la seigneurie, obtint du roi pour la soci\u00e9t\u00e9 le statut d\u2019 \u00ab\u00a0Acad\u00e9mie Royale\u00a0\u00bb, par lettres patentes de d\u00e9cembre 1695, qui l\u2019en d\u00e9clar\u00e8rent officiellement le protecteur. <br \/>Apr\u00e8s plusieurs ann\u00e9es tr\u00e8s actives, l\u2019Acad\u00e9mie connue des p\u00e9riodes plus calmes et compta 5 secr\u00e9taires perp\u00e9tuels successifs jusqu\u2019au 8 ao\u00fbt 1793, o\u00f9 elle fut dissoute avec toutes autres Acad\u00e9mies par la Convention Nationale.<\/li><\/ul><h3>\u00a0<\/h3>\t\t\t\t\t\t\t\t<\/div>\n\t\t\t\t<\/div>\n\t\t\t\t<div class=\"elementor-element elementor-element-f4286f5 elementor-widget elementor-widget-text-editor\" data-id=\"f4286f5\" data-element_type=\"widget\" data-e-type=\"widget\" data-widget_type=\"text-editor.default\">\n\t\t\t\t<div class=\"elementor-widget-container\">\n\t\t\t\t\t\t\t\t\t<h3>SECONDE P\u00c9RIODE<\/h3><ul><li>La Soci\u00e9t\u00e9 des Sciences et des Arts du Beaujolais (1899-1929)\u00a0:<br \/>Apr\u00e8s une \u00e9clipse de plus de cent ans et \u00e0 l\u2019aube du XX\u00e8me si\u00e8cle, un article de presse annon\u00e7ait le 13 d\u00e9cembre 1899 la renaissance de l\u2019Acad\u00e9mie de Villefranche sous le nom de \u00ab\u00a0Soci\u00e9t\u00e9 des sciences et des arts du Beaujolais\u00a0\u00bb. Le 21 d\u00e9cembre 1899, une assembl\u00e9e g\u00e9n\u00e9rale donnait effectivement naissance \u00e0 cette nouvelle soci\u00e9t\u00e9 sous la pr\u00e9sidence du Dr. Abel Besan\u00e7on, futur Maire de Villefranche. Ce fut le d\u00e9but d\u2019une prise de conscience d\u2019un ensemble d\u2019illustres personnages, qu\u2019en Beaujolais, une richesse patrimoniale tr\u00e8s importante devait \u00eatre d\u00e9couverte, valoris\u00e9e et pr\u00e9serv\u00e9e pour les g\u00e9n\u00e9rations et les temps futurs. Villefranche n\u2019\u00e9tait alors plus que le seul centre d\u2019int\u00e9r\u00eat des acad\u00e9miciens. Les acad\u00e9miciens de l\u2019\u00e9poque entreprirent de nombreux travaux de recherche et de valorisation du patrimoine comme le d\u00e9montre les bulletins de la soci\u00e9t\u00e9 des Sciences et des Arts du Beaujolais publi\u00e9s entre 1900 et 1914. Les auteurs des travaux pr\u00e9sents dans ces bulletins furent\u00a0: Eug\u00e8ne M\u00e9hu, Joseph Balloffet, Auguste-Joseph Bernard, Victor Vermorel, Claudius Savoye, \u2026<br \/>La guerre de 1914-1918 interrompit pour un temps les travaux, et la retraite d\u2019Abel Besan\u00e7on \u00e0 Lyon apr\u00e8s sa d\u00e9route \u00e9lectorale des municipales de mai 1925 mit la Soci\u00e9t\u00e9 en somnolence. Pour la relancer, on \u00e9lut en 1927\u00a0Victor Vermorel\u00a0pour Pr\u00e9sident, mais sa mort inopin\u00e9e \u00e0 Paris d\u2019une crise d\u2019appendicite, le 23 octobre, remit tout en cause. Louis de Longevialle (grand-p\u00e8re du pr\u00e9sident actuel) lui succ\u00e9da en d\u00e9cembre et redressa la situation\u00a0: l\u2019Acad\u00e9mie renaissait.<\/li><li>La Soci\u00e9t\u00e9 des Sciences, Arts et Belles-Lettres du Beaujolais (1930-1956)\u00a0:<br \/>En 1930 fut cr\u00e9\u00e9e la section des \u00ab\u00a0belles-lettres\u00a0\u00bb en plus des deux pr\u00e9c\u00e9dentes, celle des sciences et celle des arts. Philippe Burnot, artiste talentueux, allait donner un nouveau visage \u00e0 l\u2019image de la soci\u00e9t\u00e9. Justin Godart succ\u00e9dait \u00e0 Louis de Longevialle d\u00e9c\u00e9d\u00e9 en 1936. La seconde guerre mondiale allait perturber les travaux de la soci\u00e9t\u00e9. Ils purent se poursuivre jusqu\u2019en 1942 par la volont\u00e9 du pr\u00e9sident Justin Godart en d\u00e9pit m\u00eame, \u00e0 partir de 1940, de ses autres activit\u00e9s dans la R\u00e9sistance (Il fut le cr\u00e9ateur du \u00a0\u00bb Patriote Beaujolais \u00ab\u00a0). Apr\u00e8s la Lib\u00e9ration, Justin Godart n\u2019eut pas le temps de reprendre sa pr\u00e9sidence du fait des ses fonctions politiques comme Maire de Lyon.<\/li><\/ul>\t\t\t\t\t\t\t\t<\/div>\n\t\t\t\t<\/div>\n\t\t\t\t<div class=\"elementor-element elementor-element-4c0f4cd elementor-widget elementor-widget-text-editor\" data-id=\"4c0f4cd\" data-element_type=\"widget\" data-e-type=\"widget\" data-widget_type=\"text-editor.default\">\n\t\t\t\t<div class=\"elementor-widget-container\">\n\t\t\t\t\t\t\t\t\t<h3>TROISI\u00c8ME P\u00c9RIODE<\/h3><ul><li>L\u2019Acad\u00e9mie de Villefranche (1956 \u00e0 nos jours)\u00a0:<\/li><li>Apr\u00e8s quelques ann\u00e9es de sommeil, Jean Guillermet (Almanach du Beaujolais, Beaujolais, Mon Pays, \u2026) d\u00e9cidait de faire rena\u00eetre la soci\u00e9t\u00e9 sous son ancien nom\u00a0: \u00ab\u00a0Acad\u00e9mie de Villefranche\u00a0\u00bb. Il mit en place un nouveau bureau sous la pr\u00e9sidence de Louis Boniface. A la disparition de ce dernier en 1964, Robert Pinet prit la pr\u00e9sidence et fit de l\u2019Acad\u00e9mie une soci\u00e9t\u00e9 ouverte vers l\u2019ext\u00e9rieur par l\u2019organisation de conf\u00e9rences et de journ\u00e9es portes ouvertes au public. Elle mit en place de nombreuses publications via les \u00ab\u00a0Chroniques du Pays Beaujolais\u00a0\u00bb qui remplac\u00e8rent les \u00ab\u00a0Bulletins de la soci\u00e9t\u00e9 des sciences et des arts du Beaujolais\u00a0\u00bb. <br \/>Le 19 juillet 1995, le Journal Officiel de la R\u00e9publique Fran\u00e7aise publiait la d\u00e9claration officielle de la \u00a0\u00bb Conf\u00e9rence nationale des Acad\u00e9mies des sciences, lettres et arts \u00ab\u00a0, qui groupait, sous l\u2019\u00e9gide de l\u2019Institut de France, les plus anciennes et principales Acad\u00e9mies de province\u00a0: l\u2019Acad\u00e9mie de Villefranche-en-Beaujolais avait eu l\u2019honneur insigne d\u2019 \u00eatre admise au sein de cette Union d\u00e8s sa formation\u00a0; elle compte aujourd\u2019hui trente et une Soci\u00e9t\u00e9s. Le 16 mars suivant l\u2019ann\u00e9e de cette promotion, Robert Pinet passait ses pouvoirs au nouveau Pr\u00e9sident, Louis de Longevialle, petit-fils de son homonyme de 1927. Robert Pinet d\u00e9c\u00e9dait le 4 janvier 1997. Depuis lors, la notori\u00e9t\u00e9 de l\u2019Acad\u00e9mie de Villefranche n\u2019a cess\u00e9 de s\u2019accro\u00eetre\u00a0; aussi le 17 mars 2006, la soci\u00e9t\u00e9 prenait-elle le nom d\u2019 \u00ab\u00a0Acad\u00e9mie de Villefranche et du Beaujolais \u00a0\u00bb , marque de son retour au rang indiscut\u00e9 d\u2019Acad\u00e9mie r\u00e9gionale. En d\u00e9but 2011, Louis de Longevialle, \u00ab\u00a0l\u2019\u00e2ge \u00e9tant venu\u00a0\u00bb, et apr\u00e8s 15 ans au service de l\u2019Acad\u00e9mie, laissait sa place de Pr\u00e9sident \u00e0 G\u00e9rard Bacot qui, selon sa volont\u00e9, ne gardera cette pr\u00e9sidence que deux ann\u00e9es 2011-2013. Daniel Tremblay, lui succ\u00e8de, mais pour des raisons personnelles ne garde la pr\u00e9sidence qu\u2019 une seule ann\u00e9e 2013-2014. Michel Rougier prend sa suite, accomplira deux mandats de trois ans ,conform\u00e9ment aux r\u00e8gles statutaires de 2014 \u00e0 2020\u00a0; il d\u00e9c\u00e8de en novembre 2020. De 2020 \u00e0 2021, Pierre Prunet assure l\u2019int\u00e9rim jusqu\u2019\u00e0 son \u00e9lection en 2021.<\/li><\/ul><p><em>Bibliographie\u00a0: Cet article s\u2019inspire de l\u2019article de Mathieu M\u00e9ras intitul\u00e9 \u00ab\u00a0L\u2019Acad\u00e9mie de Villefranche \u00e0 travers les si\u00e8cles\u00a0\u00bb et publi\u00e9 dans les actes des journ\u00e9es d\u2019\u00e9tudes 1995 de l\u2019Union des Soci\u00e9t\u00e9s Historiques du Rh\u00f4ne. M.\u00a0Troncy, biblioth\u00e9caire de l\u2019Acad\u00e9mie, a \u00e9galement apport\u00e9 sa pr\u00e9cieuse contribution pour finaliser cet article. Pour une information plus compl\u00e8te, on pourra se reporter \u00e0 la derni\u00e8re publication de Daniel Rosetta \u00ab\u00a0l&rsquo;Acad\u00e9mie de Villefranche sous l&rsquo;Ancien R\u00e9gime : 1677-1793\u00a0\u00bb aux \u00c9ditions du Poutan<\/em><\/p>\t\t\t\t\t\t\t\t<\/div>\n\t\t\t\t<\/div>\n\t\t\t\t\t<\/div>\n\t\t<\/div>\n\t\t\t\t<div class=\"elementor-column elementor-col-50 elementor-top-column elementor-element elementor-element-1013947\" data-id=\"1013947\" data-element_type=\"column\" data-e-type=\"column\">\n\t\t\t<div class=\"elementor-widget-wrap elementor-element-populated\">\n\t\t\t\t\t\t<div class=\"elementor-element elementor-element-0fee641 elementor-widget elementor-widget-spacer\" data-id=\"0fee641\" data-element_type=\"widget\" data-e-type=\"widget\" data-widget_type=\"spacer.default\">\n\t\t\t\t<div class=\"elementor-widget-container\">\n\t\t\t\t\t\t\t<div class=\"elementor-spacer\">\n\t\t\t<div class=\"elementor-spacer-inner\"><\/div>\n\t\t<\/div>\n\t\t\t\t\t\t<\/div>\n\t\t\t\t<\/div>\n\t\t\t\t<div class=\"elementor-element elementor-element-54eace0 elementor-widget elementor-widget-spacer\" data-id=\"54eace0\" data-element_type=\"widget\" data-e-type=\"widget\" data-widget_type=\"spacer.default\">\n\t\t\t\t<div class=\"elementor-widget-container\">\n\t\t\t\t\t\t\t<div class=\"elementor-spacer\">\n\t\t\t<div class=\"elementor-spacer-inner\"><\/div>\n\t\t<\/div>\n\t\t\t\t\t\t<\/div>\n\t\t\t\t<\/div>\n\t\t\t\t<div class=\"elementor-element elementor-element-9022eaa elementor-widget elementor-widget-image\" data-id=\"9022eaa\" data-element_type=\"widget\" data-e-type=\"widget\" data-widget_type=\"image.default\">\n\t\t\t\t<div class=\"elementor-widget-container\">\n\t\t\t\t\t\t\t\t\t\t\t\t\t\t\t<img fetchpriority=\"high\" decoding=\"async\" width=\"313\" height=\"448\" src=\"https:\/\/academie-villefranche.fr\/wp-content\/uploads\/2022\/05\/academie-villefranche-histoire.jpg\" class=\"attachment-large size-large wp-image-314\" alt=\"\" srcset=\"https:\/\/academie-villefranche.fr\/wp-content\/uploads\/2022\/05\/academie-villefranche-histoire.jpg 313w, https:\/\/academie-villefranche.fr\/wp-content\/uploads\/2022\/05\/academie-villefranche-histoire-210x300.jpg 210w\" sizes=\"(max-width: 313px) 100vw, 313px\" \/>\t\t\t\t\t\t\t\t\t\t\t\t\t\t\t<\/div>\n\t\t\t\t<\/div>\n\t\t\t\t<div class=\"elementor-element elementor-element-bf5f956 elementor-widget elementor-widget-spacer\" data-id=\"bf5f956\" data-element_type=\"widget\" data-e-type=\"widget\" data-widget_type=\"spacer.default\">\n\t\t\t\t<div class=\"elementor-widget-container\">\n\t\t\t\t\t\t\t<div class=\"elementor-spacer\">\n\t\t\t<div class=\"elementor-spacer-inner\"><\/div>\n\t\t<\/div>\n\t\t\t\t\t\t<\/div>\n\t\t\t\t<\/div>\n\t\t\t\t<div class=\"elementor-element elementor-element-091c035 elementor-widget elementor-widget-image\" data-id=\"091c035\" data-element_type=\"widget\" data-e-type=\"widget\" data-widget_type=\"image.default\">\n\t\t\t\t<div class=\"elementor-widget-container\">\n\t\t\t\t\t\t\t\t\t\t\t\t\t\t\t<img decoding=\"async\" width=\"800\" height=\"600\" src=\"https:\/\/academie-villefranche.fr\/wp-content\/uploads\/2022\/07\/plaque-fondation-academie-de-villefranche.jpg\" class=\"attachment-large size-large wp-image-430\" alt=\"\" srcset=\"https:\/\/academie-villefranche.fr\/wp-content\/uploads\/2022\/07\/plaque-fondation-academie-de-villefranche.jpg 800w, https:\/\/academie-villefranche.fr\/wp-content\/uploads\/2022\/07\/plaque-fondation-academie-de-villefranche-300x225.jpg 300w, https:\/\/academie-villefranche.fr\/wp-content\/uploads\/2022\/07\/plaque-fondation-academie-de-villefranche-768x576.jpg 768w\" sizes=\"(max-width: 800px) 100vw, 800px\" \/>\t\t\t\t\t\t\t\t\t\t\t\t\t\t\t<\/div>\n\t\t\t\t<\/div>\n\t\t\t\t<div class=\"elementor-element elementor-element-ee6552c elementor-widget elementor-widget-spacer\" data-id=\"ee6552c\" data-element_type=\"widget\" data-e-type=\"widget\" data-widget_type=\"spacer.default\">\n\t\t\t\t<div class=\"elementor-widget-container\">\n\t\t\t\t\t\t\t<div class=\"elementor-spacer\">\n\t\t\t<div class=\"elementor-spacer-inner\"><\/div>\n\t\t<\/div>\n\t\t\t\t\t\t<\/div>\n\t\t\t\t<\/div>\n\t\t\t\t<div class=\"elementor-element elementor-element-b7efa31 elementor-widget elementor-widget-image\" data-id=\"b7efa31\" data-element_type=\"widget\" data-e-type=\"widget\" data-widget_type=\"image.default\">\n\t\t\t\t<div class=\"elementor-widget-container\">\n\t\t\t\t\t\t\t\t\t\t\t\t\t\t\t<img decoding=\"async\" width=\"800\" height=\"600\" src=\"https:\/\/academie-villefranche.fr\/wp-content\/uploads\/2022\/09\/Academie-Porche-2022.jpg\" class=\"attachment-large size-large wp-image-1106\" alt=\"\" srcset=\"https:\/\/academie-villefranche.fr\/wp-content\/uploads\/2022\/09\/Academie-Porche-2022.jpg 800w, https:\/\/academie-villefranche.fr\/wp-content\/uploads\/2022\/09\/Academie-Porche-2022-300x225.jpg 300w, https:\/\/academie-villefranche.fr\/wp-content\/uploads\/2022\/09\/Academie-Porche-2022-768x576.jpg 768w\" sizes=\"(max-width: 800px) 100vw, 800px\" \/>\t\t\t\t\t\t\t\t\t\t\t\t\t\t\t<\/div>\n\t\t\t\t<\/div>\n\t\t\t\t<div class=\"elementor-element elementor-element-59925e7 elementor-widget elementor-widget-spacer\" data-id=\"59925e7\" data-element_type=\"widget\" data-e-type=\"widget\" data-widget_type=\"spacer.default\">\n\t\t\t\t<div class=\"elementor-widget-container\">\n\t\t\t\t\t\t\t<div class=\"elementor-spacer\">\n\t\t\t<div class=\"elementor-spacer-inner\"><\/div>\n\t\t<\/div>\n\t\t\t\t\t\t<\/div>\n\t\t\t\t<\/div>\n\t\t\t\t\t<\/div>\n\t\t<\/div>\n\t\t\t\t\t<\/div>\n\t\t<\/section>\n\t\t\t\t<\/div>\n\t\t","protected":false},"excerpt":{"rendered":"<p>Histoire de l&rsquo;Acad\u00e9mie de Villefranche et du Beaujolais L\u2019Acad\u00e9mie de Villefranche et du Beaujolais a connu trois grandes p\u00e9riodes dans son histoire. PREMI\u00c8RE P\u00c9RIODE La gen\u00e8se (1677-1695) :C\u2019est vers 1677 qu\u2019Alexandre Bessie du Peloux, avocat et jurisconsulte \u00e0 Villefranche , constitua un groupe d\u2019amis et organisa r\u00e9guli\u00e8rement des r\u00e9unions chez lui afin d\u2019\u00e9changer sur les&hellip;&nbsp;<a href=\"https:\/\/academie-villefranche.fr\/?page_id=422\" rel=\"bookmark\">Lire la suite &raquo;<span class=\"screen-reader-text\">Histoire de l&rsquo;Acad\u00e9mie de Villefranche et du Beaujolais<\/span><\/a><\/p>\n","protected":false},"author":3,"featured_media":412,"parent":51,"menu_order":0,"comment_status":"closed","ping_status":"open","template":"","meta":{"_monsterinsights_skip_tracking":false,"_monsterinsights_sitenote_active":false,"_monsterinsights_sitenote_note":"","_monsterinsights_sitenote_category":0,"neve_meta_sidebar":"","neve_meta_container":"","neve_meta_enable_content_width":"","neve_meta_content_width":0,"neve_meta_title_alignment":"","neve_meta_author_avatar":"","neve_post_elements_order":"","neve_meta_disable_header":"","neve_meta_disable_footer":"","neve_meta_disable_title":"","footnotes":""},"class_list":["post-422","page","type-page","status-publish","has-post-thumbnail","hentry"],"aioseo_notices":[],"_links":{"self":[{"href":"https:\/\/academie-villefranche.fr\/index.php?rest_route=\/wp\/v2\/pages\/422","targetHints":{"allow":["GET"]}}],"collection":[{"href":"https:\/\/academie-villefranche.fr\/index.php?rest_route=\/wp\/v2\/pages"}],"about":[{"href":"https:\/\/academie-villefranche.fr\/index.php?rest_route=\/wp\/v2\/types\/page"}],"author":[{"embeddable":true,"href":"https:\/\/academie-villefranche.fr\/index.php?rest_route=\/wp\/v2\/users\/3"}],"replies":[{"embeddable":true,"href":"https:\/\/academie-villefranche.fr\/index.php?rest_route=%2Fwp%2Fv2%2Fcomments&post=422"}],"version-history":[{"count":42,"href":"https:\/\/academie-villefranche.fr\/index.php?rest_route=\/wp\/v2\/pages\/422\/revisions"}],"predecessor-version":[{"id":1128,"href":"https:\/\/academie-villefranche.fr\/index.php?rest_route=\/wp\/v2\/pages\/422\/revisions\/1128"}],"up":[{"embeddable":true,"href":"https:\/\/academie-villefranche.fr\/index.php?rest_route=\/wp\/v2\/pages\/51"}],"wp:featuredmedia":[{"embeddable":true,"href":"https:\/\/academie-villefranche.fr\/index.php?rest_route=\/wp\/v2\/media\/412"}],"wp:attachment":[{"href":"https:\/\/academie-villefranche.fr\/index.php?rest_route=%2Fwp%2Fv2%2Fmedia&parent=422"}],"curies":[{"name":"wp","href":"https:\/\/api.w.org\/{rel}","templated":true}]}}